{"version":"1.0","provider_name":"PaperWorkRoom","provider_url":"https:\/\/paperwork.cafeblog.hu","author_name":"Admin","author_url":"https:\/\/paperwork.cafeblog.hu\/author\/jakuscsillagmail-com\/","title":"\u00d6nismereti zs\u00e1kutca","html":"<p>Az elm\u00falt id\u0151szak egy \u00e9rzelmi hull\u00e1mvas\u00fat volt, j\u00f3 r\u00e9sz v\u00f6lgy menettel. Rengeteg minden j\u00f6tt fel, \u00e9s itt tornyosult el\u0151ttem. Sok\u00e1ig nem tudtam vel\u00fck mit kezdeni.\u00a0<\/p>\r\n<p>Volt valami be\u00e9p\u00edtett mechanizmus bennem, ami arra k\u00e9sztetett, hogy minden amivel szembe kell n\u00e9znem, sz\u00e9gyen, \u00e9s ez\u00e9rt ostorozni kell magam. Egy id\u0151 ut\u00e1n m\u00e1r csak azt l\u00e1ttam, hogy mennyire nem tartok sehol, \u00e9s mennyire nem \u00e9rek semmit. Minden amit eddig tanultam, amit megfejl\u0151dtem teljesen \u00e9rt\u00e9ktelen.\u00a0<\/p>\r\n<p>A blog is ilyen. Ez a blog a saj\u00e1t meg\u00e9l\u00e9seim alapj\u00e1n \u00edr\u00f3dik. Sokszor gondolkozom rajta, hogy \u00edrjam e? Meg\u00edrjam e, mi zajlik bennem \u00e9s hova visz? Mindig v\u00e1ltozik. Annak t\u00fckr\u00e9ben mi kavar\u00f3dik fel a m\u00e9lyr\u0151l. Amit ma megfejl\u0151d\u00f6m, holnap \u00fajra el\u00e9m j\u00f6het, \u00e9s teljesen m\u00e1shova visz. Le\u00edrom, hogy eml\u00e9kezzek. Le\u00edrom, \u00e9s megosztom, lehet valaki pont tal\u00e1l ebben egy mondatot, egy sz\u00f3t, amire pont akkor sz\u00fcks\u00e9ge van. De a felismer\u00e9sek sokszor \u00fajak. M\u00e1sok lesznek, \u00e9s az \u00fat is v\u00e1ltozik vele. Sokszor \u00e1t- \u00e9s fel\u00fcl \u00edr\u00f3dnak dolgok, egy \u00faj tapasztal\u00e1s f\u00e9ny\u00e9ben.\u00a0<\/p>\r\n<p>Az \u00f6nostor\u00e1z\u00e1s zs\u00e1k utca. Ha ezt \u00e9rzed, tudd, hogy meg kell fordulj, \u00e9s vissza kell s\u00e9t\u00e1lj az els\u0151 biztos pontig, ami m\u00e9g meg volt, mert ha itt maradsz, ez az \u00f6rv\u00e9ny csak leh\u00faz. Ez nem a saj\u00e1tod. Nem a te \u00f6rv\u00e9nyed.\u00a0<\/p>\r\n<p>Minden ami felj\u00f6n, az benned van. Az\u00e9rt tudott most felj\u00f6nni, mert most vagy k\u00e9sz r\u00e1, hogy szemben\u00e9zz vele. R\u00e1 kell n\u00e9zni, \u00e9s meg kell l\u00e1tni, mit tan\u00edt neked. De nem szabad magad azonos\u00edtani vele. Nem szabad meg\u00edt\u00e9lned azt a helyzetet, esem\u00e9nyt, embert. Csak l\u00e1sd meg, hogy akkor az t\u00f6rt\u00e9nt. Te pedig akkor \u00fagy reag\u00e1ltad le, ahogy akkor k\u00e9pes volt\u00e1l erre. Azt\u00e1n engedd el.\u00a0Ne \u00e9rezz se sz\u00e9gyent, se b\u0171ntudatot.\u00a0<\/p>\r\n<p>Ha egy \u00e1rny r\u00e9szedet ismered meg, k\u00f6sz\u00f6ntsd \u0151t. Eddig az\u00e9rt nem kapott szerepet, mert valami c\u00edmk\u00e9t aggatt\u00e1l r\u00e1. Ismerd fel, \u00e9s fogad el. Nem rossz vagy j\u00f3. \u00a0A r\u00e9szed \u0150.\u00a0<\/p>\r\n<p>Azt\u00e1n csak mosolyogj. \u00c9lj \u00e9s \u00fcnnepeld az \u00e9letet, az \u00e9leted. L\u00e1sd meg, milyen fantasztikus, hogy itt lehet\u00fcnk, tapasztalhatunk. L\u00e1sd meg, hogy ez a mostani kaland, milyen r\u00f6vid az \u00f6r\u00f6kl\u00e9tedhez k\u00e9pest. Vedd \u00e9szre, mennyire felnagy\u00edtja az elme a t\u00f6rt\u00e9neteid, \u00e9s most, hogy elengedted \u0151ket, m\u00e1r mennyire apr\u00f3kk\u00e1 lettek. Nem maradt m\u00e1s bel\u0151l\u00fck, csak a tapasztal\u00e1s. \u00a0Azt\u00e1n j\u00f6het a k\u00f6vetkez\u0151 v\u00f6lgy menet. Te k\u00e9szen \u00e1llsz.\u00a0<\/p>\r\n<p>\u00cdgy az \u00e9leted, egy gy\u00f6ny\u00f6r\u0171, aj\u00e1nd\u00e9kokkal teli utaz\u00e1ss\u00e1 v\u00e1lhat, a k\u00f6z\u00e9ppontod fel\u00e9. Ahol v\u00e1r az \u00fcress\u00e9g \u00e9s a b\u00e9ke. Ahol vagy, \u00e9s v\u00e1rod, hogy meg\u00e9rkezz.\u00a0<\/p>\r\n<p>\u00d6lel\u00e9ssel &lt;3\u00a0<\/p>\r\n<p>Csilla<\/p>\r\n<p style=\"text-align: center\"><a href=\"https:\/\/paperwork.cafeblog.hu\/files\/2015\/10\/bc6a508eef981c8ba37dbb0a1b5785ae.jpg\"><img class=\"alignnone size-medium wp-image-557\" src=\"https:\/\/paperwork.cafeblog.hu\/files\/2015\/10\/bc6a508eef981c8ba37dbb0a1b5785ae-200x300.jpg\" alt=\"bc6a508eef981c8ba37dbb0a1b5785ae\" width=\"200\" height=\"300\" \/><\/a><\/p>\r\n<p style=\"text-align: center\">k\u00e9p forr\u00e1s:\u00a0<a href=\"https:\/\/www.pinterest.com\/pin\/484066659920253254\/\" target=\"_blank\">Pinterest<\/a><\/p>","type":"rich"}