{"version":"1.0","provider_name":"PaperWorkRoom","provider_url":"https:\/\/paperwork.cafeblog.hu","author_name":"Admin","author_url":"https:\/\/paperwork.cafeblog.hu\/author\/jakuscsillagmail-com\/","title":"Gondolatok a kar\u00e1csonyr\u00f3l...","html":"<p>\u00cdg\u00e9rtem, hogy \u00edrok m\u00e9g kicsit a kar\u00e1csonyr\u00f3l is. Sok emberrel besz\u00e9lgettem err\u0151l mostan\u00e1ban, \u00e9s sokat medit\u00e1ltam rajta magam is.<\/p>\r\n<p>Tulajdonk\u00e9ppen annyi f\u00e9le m\u00f3don lehet \u00fcnnepelni a kar\u00e1csonyt, ah\u00e1nyan vagyunk. Az pedig, hogy nek\u00fcnk mit jelent, nagym\u00e9rt\u00e9kben f\u00fcgg a szocializ\u00e1ci\u00f3nkt\u00f3l, att\u00f3l, hogy van e f\u00e9rj\u00fcnk, feles\u00e9g\u00fcnk, gyerek\u00fcnk. A gyerekek kicsik e vagy nagyok: F\u00fcgg att\u00f3l, hogy milyen kult\u00fark\u00f6rben n\u0151tt\u00fcnk fel, de att\u00f3l is, hogy mit v\u00e1lasztunk feln\u0151ttk\u00e9nt.<\/p>\r\n<p>Ahogy sz\u00e9tn\u00e9zek magam k\u00f6r\u00fcl, teljes \u0151r\u00fcletet l\u00e1tok. A budakal\u00e1szi nagy bev\u00e1s\u00e1rl\u00f3 parkol\u00f3j\u00e1b\u00f3l cs\u00fct\u00f6rt\u00f6k \u00e9s p\u00e9ntek d\u00e9lut\u00e1n \u00e1ll\u00edt\u00f3lag t\u00f6bb mint k\u00e9t \u00f3ra volt kijutni. Elgondolom mennyi id\u0151 lehetett sorban \u00e1llni a p\u00e9nzt\u00e1rakn\u00e1l.<\/p>\r\n<p>A minap \u00e1lltam egy m\u00e1sik \u00fczlet kassz\u00e1j\u00e1n\u00e1l \u00e9s azt l\u00e1ttam, hogy egy h\u00f6lgy hatalmas dobozokat \u00e9s k\u00f6t\u00f6z\u0151ket vett. Sokat. Arra gondoltam k\u00f6zben, hogy vajon ilyen nagy csal\u00e1dja van e, vagy ilyen nagy aj\u00e1nd\u00e9kokat v\u00e1s\u00e1rol e a csal\u00e1dtagoknak, vagy valamilyen karitat\u00edv akci\u00f3ban vesz e r\u00e9szt?<\/p>\r\n<p>Sok csal\u00e1d ilyenkor fut \u00f6ssze, ilyenkor van lehet\u0151s\u00e9g\u00fck tal\u00e1lkozni, ilyenkor vannak a nagy csal\u00e1di eb\u00e9dek \u00e9s vacsor\u00e1k. Ilyenkor \u00e9n is elmegyek k\u00e9t helyre is, de bevallom, nem tudok t\u00f6bbet enni, mint m\u00e1s napokon. Van bennem egy t\u00f6rekv\u00e9s arra is, hogy min\u00e9l kisebb \u00f6kol\u00f3giai l\u00e1bnyomom legyen, \u00edgy nem is nagyon \u00f6r\u00fcl\u00f6k, ha t\u00fal sok \u00e9tel k\u00e9sz\u00fcl.<\/p>\r\n<p>K\u00f6zben \u00e9n \u00e9vek \u00f3ta l\u00e1tok m\u00e1st is. L\u00e1tom az \u00e9teloszt\u00e1st, l\u00e1tom, milyen megfesz\u00edtett er\u0151vel gy\u0171jtenek t\u00e1mogat\u00e1st arra, hogy min\u00e9l t\u00f6bb embert tudjanak megvend\u00e9gelni a Blaha Lujza t\u00e9ren a krisn\u00e1sok az <a href=\"https:\/\/eteltazeletert.hu\" target=\"_blank\" rel=\"noopener\">\u00c9telt az \u00e9let\u00e9rt<\/a> alap\u00edtv\u00e1nnyal\u00a0<\/p>\r\n<p>L\u00e1tom \u00e9vr\u0151l \u00e9vre azokat a vid\u00e9ki embereket, \u00f3vod\u00e1sokat, akiknek Zsuzsi igyekszik sokkal szebb\u00e9 tenni az \u00fcnnepet, \u00e9s az ovik eset\u00e9ben az azt k\u00f6vet\u0151 id\u0151t is, a <a href=\"https:\/\/www.facebook.com\/levelekTelaponak\/\" target=\"_blank\" rel=\"noopener\">Levelek T\u00e9lap\u00f3nak<\/a> projecttel.<\/p>\r\n<p>Id\u00e9n siker\u00fclt l\u00e1tnom olyan csal\u00e1dokat is, akik b\u00e1r dolgoznak, \u00e9s tisztess\u00e9ges \u00e9letet \u00e9lnek, m\u00e9gis egy \u00fagynevezett dolgoz\u00f3i szeg\u00e9nys\u00e9gben \u00e9lnek. Nekik a <a href=\"https:\/\/www.facebook.com\/charityboxhungary\/\" target=\"_blank\" rel=\"noopener\">Charity box<\/a> programon kereszt\u00fcl lehet seg\u00edteni.<\/p>\r\n<p>Teljesen m\u00e1st jelent ezeknek az embereknek a kar\u00e1csony. \u00c9s nagyon m\u00e1st jelent azoknak is, akik ilyen programokban vesznek r\u00e9szt. Legyen b\u00e1rmilyen f\u00e1radt is valaki az \u00e9v v\u00e9g\u00e9re, \u00e9rezze mag\u00e1t b\u00e1rmilyen ki\u00e9gettnek is, \u00e9lje meg azt, hogy m\u00e9g semmivel sem tudott k\u00e9sz\u00fclni, ha r\u00e9szt vesz egy ilyen programban, ak\u00e1r csak egy cseppnyi tettel is, teljesen m\u00e1s lesz az \u00fcnnep sz\u00e1m\u00e1ra. Egy ilyen tett, olyan t\u00f6lt\u00e9st ad neki, hogy ha az \u00fcnnepek alatt semmi m\u00e1s j\u00f3 dolog nem is t\u00f6rt\u00e9nik vele, \u0151 m\u00e9gis boldog lesz. Boldog, mert lehet\u0151s\u00e9ge volt valakinek meghitt perceket szerezni, lehet\u0151s\u00e9get adhatott valakinek, hogy legal\u00e1bb ezekben a napokban ne egy \u00fcres asztalt \u00fcljenek k\u00f6r\u00fcl. M\u00e1r nem sz\u00e1m\u00edt, hogy \u0151 nem kapott aj\u00e1nd\u00e9kot, vagy nem vette meg a huszonkettedik vil\u00e1g\u00edt\u00f3f\u0171z\u00e9rt otthonra. Nem sz\u00e1m\u00edt, hogy otthon nem csillog-villog minden, mert \u0151 m\u00e1r annak is \u00f6r\u00fcl, hogy meleg van a szob\u00e1ban, \u00e9s van mit enni, \u00e9s ehhez nem kellett semmilyen seg\u00edts\u00e9g neki.<\/p>\r\n<p>Van, akinek minden napja a szeg\u00e9nys\u00e9gr\u0151l sz\u00f3l. Van, akinek minden napja a seg\u00edt\u00e9sr\u0151l. Kar\u00e1csonykor olyanok is r\u00e9szesei lesznek ennek, akik \u00e9vk\u00f6zben nem tudnak.<\/p>\r\n<p>Sz\u00f3val azt hiszem ez az \u00fcnnep nagyj\u00e1b\u00f3l annyif\u00e9le lehet, ah\u00e1nyan vagyunk. De ha akad egy kis pihen\u0151 id\u0151nk ebben az id\u0151szakban, \u00e9rdemes egy picit elt\u00f6prengen\u00fcnk rajta, hogy val\u00f3ban olyan e a mi\u00e9nk, amire v\u00e1gyunk. Ha nem, akkor ideje tenn\u00fcnk \u00e9rte, hogy j\u00f6v\u0151re m\u00e1s legyen.<\/p>\r\n<p>K\u00edv\u00e1nom h\u00e1t teljes sz\u00edvemb\u0151l, most itt m\u00e9g egyszer, hogy a kar\u00e1csony neked olyan legyen amilyet szeretn\u00e9l &lt;3<\/p>\r\n<p>\u00d6lel\u00e9ssel &lt;3\u00a0<\/p>\r\n<p>Csilla<\/p>\r\n<p style=\"text-align: center\"><a href=\"https:\/\/paperwork.cafeblog.hu\/files\/2018\/12\/48363997_2279346235656196_353118299678048256_n.jpg\"><img class=\"alignnone size-medium wp-image-982\" src=\"https:\/\/paperwork.cafeblog.hu\/files\/2018\/12\/48363997_2279346235656196_353118299678048256_n-300x300.jpg\" alt=\"\" width=\"300\" height=\"300\" \/><\/a><\/p>\r\n<p style=\"text-align: center\">Illusztraci\u00f3:\u00a0<a href=\"https:\/\/www.facebook.com\/designbysarana\/photos\/a.2055866408004181\/2279346232322863\/?type=3&amp;theater\" target=\"_blank\" rel=\"noopener\">Design by Sarana<\/a><\/p>\r\n<p style=\"text-align: center\">\u00a0<\/p>\r\n<p>&nbsp;<\/p>\r\n<p>&nbsp;<\/p>","type":"rich"}